{"id":117,"date":"2016-11-26T08:56:39","date_gmt":"2016-11-26T08:56:39","guid":{"rendered":"http:\/\/bosruckhuette.eu\/?page_id=117"},"modified":"2026-04-24T04:15:03","modified_gmt":"2026-04-24T04:15:03","slug":"die-bosruckhutte","status":"publish","type":"page","link":"http:\/\/bosruckhuette.eu\/","title":{"rendered":"Die Bosruckh\u00fctte"},"content":{"rendered":"\n<p>Die Bosruckh\u00fctte ist eine vom Alpenverein gef\u00fchrte Alm und liegt auf <strong>1.036m Seeh\u00f6he<\/strong>.<\/p>\n<p>Sie ist ein beliebtes und bequem erreichbares Ausflugsziel der <a href=\"https:\/\/www.urlaubsregion-pyhrn-priel.at\/\" target=\"_blank\" rel=\"noopener noreferrer\">Pyhrn PRIEL Region<\/a>.<\/p>\n<p>Zahlreiche <a href=\"http:\/\/bosruckhuette.eu\/?page_id=121\">Sommer <\/a>und <a href=\"http:\/\/bosruckhuette.eu\/?page_id=124\">Winter<\/a> Touren starten und enden hier.<\/p>\n<p>Der sch\u00f6nste Weg mit einer Gehzeit von ca. 1 Std. 15 min. ist durch die zweit l\u00e4ngste Klamm \u00d6sterreichs &#8211; die <a href=\"https:\/\/www.urlaubsregion-pyhrn-priel.at\/oesterreich-tour\/detail\/430000994\/dr-vogelgesang-klamm.html\">Dr. Vogelgesang-Klamm<\/a> (Mai \u2013 Oktober ge\u00f6ffnet).<\/p>\n<p>F\u00fcr alle die nicht mehr \u201cso gut zu Fu\u00df\u201d sind, besteht die M\u00f6glichkeit mit dem Auto bis kurz vor die H\u00fctte zu fahren.<br \/>Ab dem Parkplatz wandert ihr noch ca. 10 min. zu Fu\u00df entlang eines kleinen Baches auf einem sch\u00f6nen Schotterweg direkt zu uns.<\/p>\n<p>Familie PAL begr\u00fc\u00dft euch herzlich mit vielen verschiedenen <a href=\"http:\/\/bosruckhuette.eu\/?page_id=126\">regionalen K\u00f6stlichkeiten<\/a>.<\/p>\n<p>Ob Schweinsbraten, K\u00e4sesp\u00e4tzle, Bergsteigerteller, verschiedene Jausen, Eis\u00a0 oder ein guter Zirbenschnaps. Es ist sicher f\u00fcr jeden etwas dabei.<\/p>\n<p>\u00a0 \u00a0 \u00a0 \u00a0 \u00a0 \u00a0 \u00a0 \u00a0 \u00a0 \u00a0 \u00a0 \u00a0 \u00a0 \u00a0 \u00a0 \u00a0 \u00a0 \u00a0 \u00a0 \u00a0 \u00a0 \u00a0 \u00a0 \u00a0 \u00a0 \u00a0 \u00a0 \u00a0 \u00a0 \u00a0 \u00a0 \u00a0 \u00a0 \u00a0<\/p>\n<h1><img loading=\"lazy\" decoding=\"async\" class=\"size-medium wp-image-397 alignright\" src=\"http:\/\/bosruckhuette.eu\/wp-content\/uploads\/2020\/03\/Bosruckh\u00fctte-5-300x225.jpg\" alt=\"\" width=\"300\" height=\"225\" srcset=\"http:\/\/bosruckhuette.eu\/wp-content\/uploads\/2020\/03\/Bosruckh\u00fctte-5-300x225.jpg 300w, http:\/\/bosruckhuette.eu\/wp-content\/uploads\/2020\/03\/Bosruckh\u00fctte-5-768x576.jpg 768w, http:\/\/bosruckhuette.eu\/wp-content\/uploads\/2020\/03\/Bosruckh\u00fctte-5.jpg 882w\" sizes=\"auto, (max-width: 300px) 100vw, 300px\" \/><a href=\"https:\/\/www.alpsonline.org\/reservation\/calendar?hut_id=596&amp;lang=de&amp;header=yes\"><span style=\"color: #ff0000;\">Schlafplatz reservieren<\/span><\/a><span style=\"color: #ff0000;\">!!<\/span><\/h1>\n<h1>\u00a0<\/h1>\n<h1><strong>\u00d6ffnungszeiten<\/strong><\/h1>\n<h3>\u00a0 \u00a0 \u00a0 \u00a0 \u00a0 \u00a0 \u00a0 \u00a0 \u00a0 \u00a0 \u00a0 \u00a0 \u00a0 \u00a0 \u00a0 \u00a0 \u00a0 \u00a0 \u00a0 \u00a0 \u00a0 \u00a0 \u00a0 \u00a0 \u00a0 \u00a0 \u00a0 \u00a0 \u00a0 \u00a0 \u00a0 \u00a0<\/h3>\n<h3><span style=\"color: #00ff00;\">SOMMERSAISON\u00a0 2026\u00a0 \u00a0 \u00a0 \u00a0 \u00a0 \u00a0 \u00a0 \u00a0 :\u00a0 <span style=\"color: #993366;\">ab 1. Mai bis 26. Oktober durchgehend\u00a0 \u00a0 \u00a0 \u00a0 \u00a0 \u00a0 \u00a0 \u00a0 \u00a0 \u00a0 \u00a0 \u00a0 \u00a0 \u00a0 \u00a0 \u00a0 \u00a0 \u00a0 \u00a0 \u00a0 \u00a0 \u00a0 \u00a0 \u00a0 \u00a0 \u00a0 \u00a0 \u00a0 \u00a0 \u00a0 \u00a0 \u00a0 \u00a0 \u00a0 \u00a0 \u00a0 \u00a0 \u00a0 \u00a0 \u00a0 \u00a0 \u00a0 \u00a0 \u00a0 \u00a0 \u00a0 \u00a0 \u00a0 <\/span><\/span><\/h3>\n<h3><span style=\"color: #00ff00;\"><span style=\"color: #993366;\">\u00a0 \u00a0 \u00a0 \u00a0 \u00a0 \u00a0 \u00a0 \u00a0 \u00a0 \u00a0 \u00a0 \u00a0 \u00a0 \u00a0 \u00a0 \u00a0 \u00a0 \u00a0 \u00a0 \u00a0 \u00a0 \u00a0 \u00a0 \u00a0 \u00a0 \u00a0 \u00a0 \u00a0 \u00a0 \u00a0 \u00a0 \u00a0 \u00a0 \u00a0 \u00a0 \u00a0 \u00a0 \u00a0 \u00a0GE\u00d6FFNET!!!<\/span><\/span><\/h3>\n<h4>\u00a0<\/h4>\n<h4>\u00a0<\/h4>\n<h4><span style=\"color: #00ff00;\">WINTERSAISON 2026-27\u00a0 \u00a0 \u00a0 \u00a0 \u00a0 \u00a0 \u00a0 \u00a0 \u00a0 \u00a0 :\u00a0 <span style=\"color: #ff0000;\">ab 27. Dezember bis Ostermontag!!!<\/span><\/span><\/h4>\n<h4><span style=\"color: #ff0000;\">\u00a0 \u00a0 \u00a0 \u00a0 \u00a0 \u00a0 \u00a0 \u00a0 \u00a0 \u00a0 \u00a0 \u00a0 \u00a0 \u00a0 \u00a0 \u00a0 \u00a0 \u00a0 \u00a0 \u00a0 \u00a0 \u00a0 \u00a0 \u00a0 \u00a0 \u00a0 \u00a0 \u00a0 \u00a0 \u00a0 \u00a0 \u00a0 \u00a0 \u00a0 \u00a0 \u00a0 \u00a0 \u00a0 \u00a0 \u00a0 \u00a0 \u00a0 \u00a0 \u00a0 <strong>\u00a0GE\u00d6FFNET!!!<\/strong><\/span><\/h4>\n<h3>\u00a0 \u00a0 \u00a0 \u00a0 \u00a0 \u00a0 \u00a0 \u00a0 \u00a0 \u00a0\u00a0<\/h3>\n<h3><strong><span style=\"color: #ff0000;\"> \u00a0<\/span><\/strong><\/h3>\n<h3>\u00a0<\/h3>\n<h1>aktuelles Wetter<\/h1>\n<h1>\u00a0<iframe style=\"width: 378px; height: 369px;\" src=\"https:\/\/www.meteoblue.com\/de\/wetter\/widget\/daily\/bosruckh%c3%bctte_%c3%96sterreich_2598558?geoloc=fixed&amp;days=7&amp;tempunit=CELSIUS&amp;windunit=KILOMETER_PER_HOUR&amp;precipunit=MILLIMETER&amp;coloured=coloured&amp;pictoicon=0&amp;pictoicon=1&amp;maxtemperature=0&amp;maxtemperature=1&amp;mintemperature=0&amp;mintemperature=1&amp;windspeed=0&amp;windspeed=1&amp;windgust=0&amp;winddirection=0&amp;winddirection=1&amp;uv=0&amp;humidity=0&amp;precipitation=0&amp;precipitation=1&amp;precipitationprobability=0&amp;precipitationprobability=1&amp;spot=0&amp;spot=1&amp;pressure=0&amp;layout=light\" frameborder=\"0\" scrolling=\"NO\" sandbox=\"allow-same-origin allow-scripts allow-popups allow-popups-to-escape-sandbox\"><\/iframe><\/h1>\n<h1>Kurzfilm zur Bosruckh\u00fctte<\/h1>\n<p><iframe loading=\"lazy\" src=\"https:\/\/www.youtube.com\/embed\/OGG2Cjrvf8g\" width=\"560\" height=\"315\" frameborder=\"0\" allowfullscreen=\"allowfullscreen\"><\/iframe><\/p>\n","protected":false},"excerpt":{"rendered":"<p>Die Bosruckh\u00fctte ist eine vom Alpenverein gef\u00fchrte Alm und liegt auf 1.036m Seeh\u00f6he. Sie ist ein beliebtes und bequem erreichbares Ausflugsziel der Pyhrn PRIEL Region. Zahlreiche Sommer und Winter Touren starten und enden hier. Der sch\u00f6nste Weg mit einer Gehzeit von ca. 1 Std. 15 min. ist durch die zweit l\u00e4ngste Klamm \u00d6sterreichs &#8211; die <a class=\"read-more\" href=\"http:\/\/bosruckhuette.eu\/\">Read More<\/a><\/p>\n","protected":false},"author":1,"featured_media":0,"parent":0,"menu_order":0,"comment_status":"closed","ping_status":"closed","template":"","meta":{"footnotes":""},"class_list":["post-117","page","type-page","status-publish","hentry"],"aioseo_notices":[],"_links":{"self":[{"href":"http:\/\/bosruckhuette.eu\/index.php?rest_route=\/wp\/v2\/pages\/117","targetHints":{"allow":["GET"]}}],"collection":[{"href":"http:\/\/bosruckhuette.eu\/index.php?rest_route=\/wp\/v2\/pages"}],"about":[{"href":"http:\/\/bosruckhuette.eu\/index.php?rest_route=\/wp\/v2\/types\/page"}],"author":[{"embeddable":true,"href":"http:\/\/bosruckhuette.eu\/index.php?rest_route=\/wp\/v2\/users\/1"}],"replies":[{"embeddable":true,"href":"http:\/\/bosruckhuette.eu\/index.php?rest_route=%2Fwp%2Fv2%2Fcomments&post=117"}],"version-history":[{"count":87,"href":"http:\/\/bosruckhuette.eu\/index.php?rest_route=\/wp\/v2\/pages\/117\/revisions"}],"predecessor-version":[{"id":695,"href":"http:\/\/bosruckhuette.eu\/index.php?rest_route=\/wp\/v2\/pages\/117\/revisions\/695"}],"wp:attachment":[{"href":"http:\/\/bosruckhuette.eu\/index.php?rest_route=%2Fwp%2Fv2%2Fmedia&parent=117"}],"curies":[{"name":"wp","href":"https:\/\/api.w.org\/{rel}","templated":true}]}}